{"id":472,"date":"2025-05-05T16:18:57","date_gmt":"2025-05-05T16:18:57","guid":{"rendered":"https:\/\/igaelu.ee\/wp\/?page_id=472"},"modified":"2025-05-26T17:24:41","modified_gmt":"2025-05-26T17:24:41","slug":"treeninglaager-vabatahtlikele-otsijatele-2025","status":"publish","type":"page","link":"https:\/\/igaelu.ee\/wp\/treeninglaager-vabatahtlikele-otsijatele-2025\/","title":{"rendered":"Treeninglaager vabatahtlikele otsijatele 2025"},"content":{"rendered":"\n<figure class=\"wp-block-image size-large\"><a href=\"https:\/\/igaelu.ee\/wp\/wp-content\/uploads\/2025\/05\/camp_est.jpg\"><img loading=\"lazy\" decoding=\"async\" width=\"1024\" height=\"576\" src=\"https:\/\/igaelu.ee\/wp\/wp-content\/uploads\/2025\/05\/camp_est-1024x576.jpg\" alt=\"\" class=\"wp-image-473\" srcset=\"https:\/\/igaelu.ee\/wp\/wp-content\/uploads\/2025\/05\/camp_est-1024x576.jpg 1024w, https:\/\/igaelu.ee\/wp\/wp-content\/uploads\/2025\/05\/camp_est-300x169.jpg 300w, https:\/\/igaelu.ee\/wp\/wp-content\/uploads\/2025\/05\/camp_est-768x432.jpg 768w, https:\/\/igaelu.ee\/wp\/wp-content\/uploads\/2025\/05\/camp_est-1536x864.jpg 1536w, https:\/\/igaelu.ee\/wp\/wp-content\/uploads\/2025\/05\/camp_est-676x380.jpg 676w, https:\/\/igaelu.ee\/wp\/wp-content\/uploads\/2025\/05\/camp_est.jpg 1920w\" sizes=\"auto, (max-width: 1024px) 100vw, 1024px\" \/><\/a><\/figure>\n\n\n\n<p><strong>Laager toimub 30. maist kuni 1. juunini Narva-J\u00f5esuus.<\/strong> Laagri baasiks on Liivakella k\u00e4mpingud ning praktilised \u00f5ppused toimuvad \u00fcmbritsevates metsades. Laagris osalevad otsijad Leedust, L\u00e4tist ja Eestist.<\/p>\n\n\n\n<p class=\"has-text-align-left has-large-font-size\"><strong>Kellele v\u00f5ib laager huvi pakkuda:<\/strong><\/p>\n\n\n\n<ul class=\"wp-block-list\">\n<li>kogenud otsijatele;<\/li>\n\n\n\n<li>neile, kes soovivad liituda otsingumeeskonnaga;<\/li>\n\n\n\n<li>neile, kes tahavad tutvuda teiste riikide otsijatega ja \u00f5ppida nende meetodeid.<\/li>\n<\/ul>\n\n\n\n<p><strong>Osalemine laagris on tasuta, laagri l\u00e4biviimist toetab \u00d5iglase \u00fclemineku fond.<\/strong> Siiski peame katma projekti omafinantseeringu, seet\u00f5ttu oleme v\u00e4ga t\u00e4nulikud, kui teil on v\u00f5imalus meie algatust toetada <strong>v\u00e4ikese annetusega<\/strong> (EE872200221071269332 \/ MT\u00dc IGA ELU).<\/p>\n\n\n\n<p class=\"has-text-align-left has-large-font-size\"><strong>Laagri programm:<\/strong><\/p>\n\n\n\n<p><strong>30.05<\/strong><br>15:00 &#8212; 16:00 Saabumine ja tutvumine<br>16:00 &#8212; 17:00 Topograafia: kaartide lugemine \/ Esmaabi<br>17:00 &#8212; 20:00 Topograafia: maastikul liikumine, v\u00e4litegevused \/ Esmaabi<br>20:00 &#8212; 20:30 \u00d5htus\u00f6\u00f6k<br>20:30 &#8212; 22:30 Raadioside<\/p>\n\n\n\n<p><strong>31.05<\/strong><br>08:00 &#8212; 09:00 Hommikus\u00f6\u00f6k<br>09:00 &#8212; 11:00 Loeng ps\u00fchholoogilise abi andmise kohta<br>11:00 &#8212; 12:00 GPS-i kasutamine<br>12:00 &#8212; 14:00 Info kogumine, arutelu ja planeerimine<br>(3 juhtumit: 1 otsustaja + 5 arutlejat; teised kuulavad)<br>14:00 &#8212; 15:00 L\u00f5una<br>15:00 &#8212; 20:00 Maastikul otsing<br>20:00 &#8212; 21:00 \u00d5htus\u00f6\u00f6k<br>21:00 Otsingu ja p\u00e4\u00e4steoperatsiooni (OPR) anal\u00fc\u00fcs<\/p>\n\n\n\n<p><strong>01.06<\/strong><br>08:00 &#8212; 09:00 Hommikus\u00f6\u00f6k<br>09:00 &#8212; 15:00 Test\u00fclesanded<\/p>\n\n\n\n<p class=\"has-large-font-size\"><strong>Koolitajad:<\/strong><\/p>\n\n\n\n<p><strong>Laagri instruktor &#8212; Alexander Khaytin<\/strong> (Leedu), p\u00e4\u00e4stja, parameedik, \u00fcle 90 otsinguoperatsiooni koordinaator, osales 2023. aastal T\u00fcrgi maav\u00e4rina tagaj\u00e4rgede likvideerimisel.<\/p>\n\n\n\n<p><strong>Ps\u00fchholoogiline abi &#8212; Nade\u017eda Andrejeva<\/strong> (Eesti), ps\u00fchholoog, endine Sotsiaalkindlustusameti kriisit\u00f6\u00f6 spetsialist.<\/p>\n\n\n\n<p><strong>Raadioside &#8212; Sergei Stepanov<\/strong> (Eesti), MT\u00dc Narva Raadioklubi juhatuse liige.<\/p>\n\n\n\n<p class=\"has-large-font-size\"><strong>Laagri reeglid:<\/strong><\/p>\n\n\n\n<p><strong>Reeglid koeraomanikele:<\/strong><\/p>\n\n\n\n<ol class=\"wp-block-list\">\n<li>Omanikud on kohustatud koristama oma koera j\u00e4relt \u00fchiskasutatavatel aladel.<\/li>\n\n\n\n<li>Ebameeldiva l\u00f5hna, karvade v\u00f5i vara kahjustamise tekkimine ei ole lubatud.<\/li>\n\n\n\n<li>Koer peab olema sotsialiseeritud ega tohi ilmutada agressiivsust inimeste v\u00f5i teiste loomade suhtes.<\/li>\n\n\n\n<li>\u00dchiskasutatavatel aladel peab koer olema rihma otsas.<\/li>\n\n\n\n<li>Omanikud vastutavad t\u00e4ielikult koera tekitatud kahjude eest varale v\u00f5i kolmandatele isikutele.<\/li>\n<\/ol>\n\n\n\n<p><strong>Laagri osalejate reeglid:<\/strong><\/p>\n\n\n\n<ol class=\"wp-block-list\">\n<li>Austame \u00fcksteist. Me ei v\u00f5istle omavahel \u2013 teeme k\u00f5ik \u00fchist asja.<\/li>\n\n\n\n<li>Hoiame puhtust. Meil ei ole teenindavat personali \u2013 iga\u00fcks vastutab enda j\u00e4rel.<\/li>\n\n\n\n<li>Pr\u00fcgi viskame pr\u00fcgikottidesse.<\/li>\n\n\n\n<li>N\u00f5ud koristame ja peseme p\u00e4rast kasutamist ise. Need ei kao iseenesest.<\/li>\n\n\n\n<li>Tuleme \u00f5igeks ajaks. Pole nii, et \u201emina tean, sina tead\u201c \u2013 aita ka teisi, kui keegi ei saa millestki aru.<\/li>\n<\/ol>\n\n\n\n<p class=\"has-larger-font-size\"><strong><a href=\"https:\/\/docs.google.com\/forms\/d\/1dt5NDztXxmKgKqNtP3O0vjuthS68_MhI7nfX0cWXlFA\/viewform?edit_requested=true\" target=\"_blank\" rel=\"noreferrer noopener\">Registreerimine<\/a><\/strong><\/p>\n","protected":false},"excerpt":{"rendered":"<p>Laager toimub 30. maist kuni 1. juunini Narva-J\u00f5esuus. Laagri baasiks on Liivakella k\u00e4mpingud ning praktilised \u00f5ppused toimuvad \u00fcmbritsevates metsades. Laagris osalevad otsijad Leedust, L\u00e4tist ja Eestist. Kellele v\u00f5ib laager huvi pakkuda: Osalemine laagris on tasuta, laagri l\u00e4biviimist toetab \u00d5iglase \u00fclemineku fond. Siiski peame katma projekti omafinantseeringu, seet\u00f5ttu oleme v\u00e4ga t\u00e4nulikud, kui teil on v\u00f5imalus meie [&hellip;]<\/p>\n","protected":false},"author":1,"featured_media":0,"parent":0,"menu_order":0,"comment_status":"closed","ping_status":"closed","template":"","meta":{"footnotes":""},"class_list":["post-472","page","type-page","status-publish","hentry","post-preview"],"_links":{"self":[{"href":"https:\/\/igaelu.ee\/wp\/wp-json\/wp\/v2\/pages\/472","targetHints":{"allow":["GET"]}}],"collection":[{"href":"https:\/\/igaelu.ee\/wp\/wp-json\/wp\/v2\/pages"}],"about":[{"href":"https:\/\/igaelu.ee\/wp\/wp-json\/wp\/v2\/types\/page"}],"author":[{"embeddable":true,"href":"https:\/\/igaelu.ee\/wp\/wp-json\/wp\/v2\/users\/1"}],"replies":[{"embeddable":true,"href":"https:\/\/igaelu.ee\/wp\/wp-json\/wp\/v2\/comments?post=472"}],"version-history":[{"count":4,"href":"https:\/\/igaelu.ee\/wp\/wp-json\/wp\/v2\/pages\/472\/revisions"}],"predecessor-version":[{"id":485,"href":"https:\/\/igaelu.ee\/wp\/wp-json\/wp\/v2\/pages\/472\/revisions\/485"}],"wp:attachment":[{"href":"https:\/\/igaelu.ee\/wp\/wp-json\/wp\/v2\/media?parent=472"}],"curies":[{"name":"wp","href":"https:\/\/api.w.org\/{rel}","templated":true}]}}